{"version":"1.0","provider_name":"Asociaci\u00f3n fotogr\u00e1fica C\u00e1mara en mano Las Rozas","provider_url":"https:\/\/camaraenmano.org","title":"Proyecto: M\u00fasicos Callejeros - \u00c1ngel R. Gonz\u00e1lez - Asociaci\u00f3n fotogr\u00e1fica C\u00e1mara en mano Las Rozas","type":"rich","width":600,"height":338,"html":"<blockquote class=\"wp-embedded-content\" data-secret=\"fOrHrzpJCI\"><a href=\"https:\/\/camaraenmano.org\/index.php\/2023\/11\/27\/proyecto-musicos-callejeros-angel-r-gonzalez\/\">Proyecto: M\u00fasicos Callejeros &#8211; \u00c1ngel R. Gonz\u00e1lez<\/a><\/blockquote><iframe sandbox=\"allow-scripts\" security=\"restricted\" src=\"https:\/\/camaraenmano.org\/index.php\/2023\/11\/27\/proyecto-musicos-callejeros-angel-r-gonzalez\/embed\/#?secret=fOrHrzpJCI\" width=\"600\" height=\"338\" title=\"\u00abProyecto: M\u00fasicos Callejeros &#8211; \u00c1ngel R. Gonz\u00e1lez\u00bb \u2014 Asociaci\u00f3n fotogr\u00e1fica C\u00e1mara en mano Las Rozas\" data-secret=\"fOrHrzpJCI\" frameborder=\"0\" marginwidth=\"0\" marginheight=\"0\" scrolling=\"no\" class=\"wp-embedded-content\"><\/iframe><script>\n\/*! This file is auto-generated *\/\n!function(d,l){\"use strict\";l.querySelector&&d.addEventListener&&\"undefined\"!=typeof URL&&(d.wp=d.wp||{},d.wp.receiveEmbedMessage||(d.wp.receiveEmbedMessage=function(e){var t=e.data;if((t||t.secret||t.message||t.value)&&!\/[^a-zA-Z0-9]\/.test(t.secret)){for(var s,r,n,a=l.querySelectorAll('iframe[data-secret=\"'+t.secret+'\"]'),o=l.querySelectorAll('blockquote[data-secret=\"'+t.secret+'\"]'),c=new RegExp(\"^https?:$\",\"i\"),i=0;i<o.length;i++)o[i].style.display=\"none\";for(i=0;i<a.length;i++)s=a[i],e.source===s.contentWindow&&(s.removeAttribute(\"style\"),\"height\"===t.message?(1e3<(r=parseInt(t.value,10))?r=1e3:~~r<200&&(r=200),s.height=r):\"link\"===t.message&&(r=new URL(s.getAttribute(\"src\")),n=new URL(t.value),c.test(n.protocol))&&n.host===r.host&&l.activeElement===s&&(d.top.location.href=t.value))}},d.addEventListener(\"message\",d.wp.receiveEmbedMessage,!1),l.addEventListener(\"DOMContentLoaded\",function(){for(var e,t,s=l.querySelectorAll(\"iframe.wp-embedded-content\"),r=0;r<s.length;r++)(t=(e=s[r]).getAttribute(\"data-secret\"))||(t=Math.random().toString(36).substring(2,12),e.src+=\"#?secret=\"+t,e.setAttribute(\"data-secret\",t)),e.contentWindow.postMessage({message:\"ready\",secret:t},\"*\")},!1)))}(window,document);\n\/\/# sourceURL=https:\/\/camaraenmano.org\/wp-includes\/js\/wp-embed.min.js\n<\/script>\n","thumbnail_url":"https:\/\/camaraenmano.org\/wp-content\/uploads\/2023\/11\/angel1.jpg","thumbnail_width":1004,"thumbnail_height":1507,"description":"M\u00fasicos Callejeros. Espa\u00f1a y Cuba Hermanadas por la M\u00fasica Callejera. ANTECEDENTES Hace unos meses, con el fin de configurar un nuevo proyecto fotogr\u00e1fico, me plante\u00e9 la idea de unir esas dos facetas art\u00edsticas en un proyecto fotogr\u00e1fico. Despu\u00e9s de descartar algunas opciones, decid\u00ed plasmar en ese proyecto a los m\u00fasicos que se afanan por introducirse [&hellip;]"}