{"version":"1.0","provider_name":"Asociaci\u00f3n fotogr\u00e1fica C\u00e1mara en mano Las Rozas","provider_url":"https:\/\/camaraenmano.org","title":"Taller de Street Photography con Javier Arcenillas - Asociaci\u00f3n fotogr\u00e1fica C\u00e1mara en mano Las Rozas","type":"rich","width":600,"height":338,"html":"<blockquote class=\"wp-embedded-content\" data-secret=\"x2vW2HVEIQ\"><a href=\"https:\/\/camaraenmano.org\/index.php\/2025\/10\/27\/taller-de-street-photography-con-javier-arcenillas\/\">Taller de Street Photography con Javier Arcenillas<\/a><\/blockquote><iframe sandbox=\"allow-scripts\" security=\"restricted\" src=\"https:\/\/camaraenmano.org\/index.php\/2025\/10\/27\/taller-de-street-photography-con-javier-arcenillas\/embed\/#?secret=x2vW2HVEIQ\" width=\"600\" height=\"338\" title=\"\u00abTaller de Street Photography con Javier Arcenillas\u00bb \u2014 Asociaci\u00f3n fotogr\u00e1fica C\u00e1mara en mano Las Rozas\" data-secret=\"x2vW2HVEIQ\" frameborder=\"0\" marginwidth=\"0\" marginheight=\"0\" scrolling=\"no\" class=\"wp-embedded-content\"><\/iframe><script>\n\/*! This file is auto-generated *\/\n!function(d,l){\"use strict\";l.querySelector&&d.addEventListener&&\"undefined\"!=typeof URL&&(d.wp=d.wp||{},d.wp.receiveEmbedMessage||(d.wp.receiveEmbedMessage=function(e){var t=e.data;if((t||t.secret||t.message||t.value)&&!\/[^a-zA-Z0-9]\/.test(t.secret)){for(var s,r,n,a=l.querySelectorAll('iframe[data-secret=\"'+t.secret+'\"]'),o=l.querySelectorAll('blockquote[data-secret=\"'+t.secret+'\"]'),c=new RegExp(\"^https?:$\",\"i\"),i=0;i<o.length;i++)o[i].style.display=\"none\";for(i=0;i<a.length;i++)s=a[i],e.source===s.contentWindow&&(s.removeAttribute(\"style\"),\"height\"===t.message?(1e3<(r=parseInt(t.value,10))?r=1e3:~~r<200&&(r=200),s.height=r):\"link\"===t.message&&(r=new URL(s.getAttribute(\"src\")),n=new URL(t.value),c.test(n.protocol))&&n.host===r.host&&l.activeElement===s&&(d.top.location.href=t.value))}},d.addEventListener(\"message\",d.wp.receiveEmbedMessage,!1),l.addEventListener(\"DOMContentLoaded\",function(){for(var e,t,s=l.querySelectorAll(\"iframe.wp-embedded-content\"),r=0;r<s.length;r++)(t=(e=s[r]).getAttribute(\"data-secret\"))||(t=Math.random().toString(36).substring(2,12),e.src+=\"#?secret=\"+t,e.setAttribute(\"data-secret\",t)),e.contentWindow.postMessage({message:\"ready\",secret:t},\"*\")},!1)))}(window,document);\n\/\/# sourceURL=https:\/\/camaraenmano.org\/wp-includes\/js\/wp-embed.min.js\n<\/script>\n","description":"La asociaci\u00f3n C\u00e1mara en mano organiza un nuevo taller de Street Photography impartido por el reconocido fot\u00f3grafo documental Javier Arcenillas. Una oportunidad \u00fanica para adentrarse en la fotograf\u00eda urbana de la mano de uno de los grandes referentes del fotoperiodismo contempor\u00e1neo. El taller se desarrollar\u00e1 en tres sesiones durante el mes de noviembre: Jueves 20 [&hellip;]"}