{"id":553,"date":"2021-12-30T18:29:40","date_gmt":"2021-12-30T17:29:40","guid":{"rendered":"https:\/\/camaraenmano.org\/?page_id=553"},"modified":"2026-02-13T19:04:18","modified_gmt":"2026-02-13T18:04:18","slug":"bienvenida","status":"publish","type":"page","link":"https:\/\/camaraenmano.org\/index.php\/bienvenida\/","title":{"rendered":"Bienvenid@ a C\u00e1mara en mano"},"content":{"rendered":"<p>Muchas gracias por asociarte. Hemos recibido correctamente tus datos y te hemos enviado un correo electr\u00f3nico con la confirmaci\u00f3n y el detalle de la informaci\u00f3n facilitada.<\/p>\n<p>El siguiente y \u00faltimo paso es abonar la cuota anual de la asociaci\u00f3n. Como sabes, el importe es de <strong>50 \u20ac al a\u00f1o<\/strong> (o <strong>25 \u20ac el primer a\u00f1o si te incorporas a partir del 30 de junio<\/strong>).<\/p>\n<p>Por favor, realiza una transferencia a la siguiente cuenta de Bankinter:<\/p>\n<ul>\n<li><strong>\t\t<span \n\t\t\tid=\"ctc-inline-iWZ1sjG9\"\n\t\t\tclass=\"ctc-shortcode ctc-shortcode--inline\"\n\t\t\tdata-ctc-analytics=\"1\"\n\t\t\tdata-ctc-copy=\"ES3701280055070100073217\"\n\t\t\tdata-ctc-success=\"Copied\"\n\t\t\tdata-ctc-format=\"text\"\n\t\t\t\t\t\t\t\t\t\t\t\t\t\t\t\trole=\"button\"\n\t\t\t\ttabindex=\"0\"\n\t\t\t\taria-label=\"Copy to clipboard\"\n\t\t\t\t\t>\n\t\t\t<span class=\"ctc-shortcode__text \">ES3701280055070100073217<\/span>\n\t\t\t<span class=\"ctc-shortcode__icon\" aria-hidden=\"true\"><svg xmlns=\"http:\/\/www.w3.org\/2000\/svg\" fill=\"none\" viewBox=\"0 0 24 24\" stroke=\"currentColor\"><path stroke-linecap=\"round\" stroke-linejoin=\"round\" stroke-width=\"2\" d=\"M8 16H6a2 2 0 01-2-2V6a2 2 0 012-2h8a2 2 0 012 2v2m-6 12h8a2 2 0 002-2v-8a2 2 0 00-2-2h-8a2 2 0 00-2 2v8a2 2 0 002 2z\" \/><\/svg><\/span>\t\t\t<span class=\"ctc-shortcode__success\" aria-live=\"polite\"><\/span>\n\t\t<\/span>\n\t\t <\/strong>(pulsa en los cuadraditos para copiar al portapapeles)<\/li>\n<li>Titular: <strong>\t\t<span \n\t\t\tid=\"ctc-inline-WC0DBRGl\"\n\t\t\tclass=\"ctc-shortcode ctc-shortcode--inline\"\n\t\t\tdata-ctc-analytics=\"1\"\n\t\t\tdata-ctc-copy=\"Asociaci\u00f3n Fotogr\u00e1fica C\u00e1mara en mano\"\n\t\t\tdata-ctc-success=\"Copied\"\n\t\t\tdata-ctc-format=\"text\"\n\t\t\t\t\t\t\t\t\t\t\t\t\t\t\t\trole=\"button\"\n\t\t\t\ttabindex=\"0\"\n\t\t\t\taria-label=\"Copy to clipboard\"\n\t\t\t\t\t>\n\t\t\t<span class=\"ctc-shortcode__text \">Asociaci\u00f3n Fotogr\u00e1fica C\u00e1mara en mano<\/span>\n\t\t\t<span class=\"ctc-shortcode__icon\" aria-hidden=\"true\"><svg xmlns=\"http:\/\/www.w3.org\/2000\/svg\" fill=\"none\" viewBox=\"0 0 24 24\" stroke=\"currentColor\"><path stroke-linecap=\"round\" stroke-linejoin=\"round\" stroke-width=\"2\" d=\"M8 16H6a2 2 0 01-2-2V6a2 2 0 012-2h8a2 2 0 012 2v2m-6 12h8a2 2 0 002-2v-8a2 2 0 00-2-2h-8a2 2 0 00-2 2v8a2 2 0 002 2z\" \/><\/svg><\/span>\t\t\t<span class=\"ctc-shortcode__success\" aria-live=\"polite\"><\/span>\n\t\t<\/span>\n\t\t\u00a0<\/strong>(pulsa en los cuadraditos para copiar al portapapeles)<\/li>\n<\/ul>\n<p>Recuerda que solo disfrutar\u00e1s de los derechos como persona asociada una vez se haya efectuado el pago de la cuota.<\/p>\n<p>Gracias por formar parte de C\u00e1mara en Mano.<\/p>\n<p>&nbsp;<\/p>\n<p>Alberto Barrera P\u00e9rez<br \/>\n<em>Presidente de C\u00e1mara en Mano<\/em><\/p>\n","protected":false},"excerpt":{"rendered":"<p>Muchas gracias por asociarte. Hemos recibido correctamente tus datos y te hemos enviado un correo electr\u00f3nico con la confirmaci\u00f3n y el detalle de la informaci\u00f3n facilitada. El siguiente y \u00faltimo paso es abonar la cuota anual de la asociaci\u00f3n. Como sabes, el importe es de 50 \u20ac al a\u00f1o (o 25 \u20ac el primer a\u00f1o [&hellip;]<\/p>\n","protected":false},"author":1,"featured_media":0,"parent":0,"menu_order":0,"comment_status":"closed","ping_status":"closed","template":"","meta":{"footnotes":""},"class_list":["post-553","page","type-page","status-publish","czr-hentry"],"yoast_head":"<!-- This site is optimized with the Yoast SEO plugin v27.5 - https:\/\/yoast.com\/product\/yoast-seo-wordpress\/ -->\n<title>Bienvenid@ a C\u00e1mara en mano - Asociaci\u00f3n fotogr\u00e1fica C\u00e1mara en mano Las Rozas<\/title>\n<meta name=\"robots\" content=\"index, follow, max-snippet:-1, max-image-preview:large, max-video-preview:-1\" \/>\n<link rel=\"canonical\" href=\"https:\/\/camaraenmano.org\/index.php\/bienvenida\/\" \/>\n<meta property=\"og:locale\" content=\"es_ES\" \/>\n<meta property=\"og:type\" content=\"article\" \/>\n<meta property=\"og:title\" content=\"Bienvenid@ a C\u00e1mara en mano - Asociaci\u00f3n fotogr\u00e1fica C\u00e1mara en mano Las Rozas\" \/>\n<meta property=\"og:description\" content=\"Muchas gracias por asociarte. Hemos recibido correctamente tus datos y te hemos enviado un correo electr\u00f3nico con la confirmaci\u00f3n y el detalle de la informaci\u00f3n facilitada. El siguiente y \u00faltimo paso es abonar la cuota anual de la asociaci\u00f3n. Como sabes, el importe es de 50 \u20ac al a\u00f1o (o 25 \u20ac el primer a\u00f1o [&hellip;]\" \/>\n<meta property=\"og:url\" content=\"https:\/\/camaraenmano.org\/index.php\/bienvenida\/\" \/>\n<meta property=\"og:site_name\" content=\"Asociaci\u00f3n fotogr\u00e1fica C\u00e1mara en mano Las Rozas\" \/>\n<meta property=\"article:publisher\" content=\"https:\/\/www.facebook.com\/AFCamaraenmano\/\" \/>\n<meta property=\"article:modified_time\" content=\"2026-02-13T18:04:18+00:00\" \/>\n<meta name=\"twitter:card\" content=\"summary_large_image\" \/>\n<meta name=\"twitter:label1\" content=\"Tiempo de lectura\" \/>\n\t<meta name=\"twitter:data1\" content=\"1 minuto\" \/>\n<script type=\"application\/ld+json\" class=\"yoast-schema-graph\">{\"@context\":\"https:\\\/\\\/schema.org\",\"@graph\":[{\"@type\":\"WebPage\",\"@id\":\"https:\\\/\\\/camaraenmano.org\\\/index.php\\\/bienvenida\\\/\",\"url\":\"https:\\\/\\\/camaraenmano.org\\\/index.php\\\/bienvenida\\\/\",\"name\":\"Bienvenid@ a C\u00e1mara en mano - Asociaci\u00f3n fotogr\u00e1fica C\u00e1mara en mano Las Rozas\",\"isPartOf\":{\"@id\":\"https:\\\/\\\/camaraenmano.org\\\/#website\"},\"datePublished\":\"2021-12-30T17:29:40+00:00\",\"dateModified\":\"2026-02-13T18:04:18+00:00\",\"breadcrumb\":{\"@id\":\"https:\\\/\\\/camaraenmano.org\\\/index.php\\\/bienvenida\\\/#breadcrumb\"},\"inLanguage\":\"es\",\"potentialAction\":[{\"@type\":\"ReadAction\",\"target\":[\"https:\\\/\\\/camaraenmano.org\\\/index.php\\\/bienvenida\\\/\"]}]},{\"@type\":\"BreadcrumbList\",\"@id\":\"https:\\\/\\\/camaraenmano.org\\\/index.php\\\/bienvenida\\\/#breadcrumb\",\"itemListElement\":[{\"@type\":\"ListItem\",\"position\":1,\"name\":\"Portada\",\"item\":\"https:\\\/\\\/camaraenmano.org\\\/\"},{\"@type\":\"ListItem\",\"position\":2,\"name\":\"Bienvenid@ a C\u00e1mara en mano\"}]},{\"@type\":\"WebSite\",\"@id\":\"https:\\\/\\\/camaraenmano.org\\\/#website\",\"url\":\"https:\\\/\\\/camaraenmano.org\\\/\",\"name\":\"Asociaci\u00f3n fotogr\u00e1fica C\u00e1mara en mano Las Rozas\",\"description\":\"\",\"publisher\":{\"@id\":\"https:\\\/\\\/camaraenmano.org\\\/#organization\"},\"potentialAction\":[{\"@type\":\"SearchAction\",\"target\":{\"@type\":\"EntryPoint\",\"urlTemplate\":\"https:\\\/\\\/camaraenmano.org\\\/?s={search_term_string}\"},\"query-input\":{\"@type\":\"PropertyValueSpecification\",\"valueRequired\":true,\"valueName\":\"search_term_string\"}}],\"inLanguage\":\"es\"},{\"@type\":\"Organization\",\"@id\":\"https:\\\/\\\/camaraenmano.org\\\/#organization\",\"name\":\"C\u00e1mara en mano\",\"url\":\"https:\\\/\\\/camaraenmano.org\\\/\",\"logo\":{\"@type\":\"ImageObject\",\"inLanguage\":\"es\",\"@id\":\"https:\\\/\\\/camaraenmano.org\\\/#\\\/schema\\\/logo\\\/image\\\/\",\"url\":\"https:\\\/\\\/camaraenmano.org\\\/wp-content\\\/uploads\\\/2023\\\/10\\\/cropped-Logo-Camara-en-Mano-2-1.png\",\"contentUrl\":\"https:\\\/\\\/camaraenmano.org\\\/wp-content\\\/uploads\\\/2023\\\/10\\\/cropped-Logo-Camara-en-Mano-2-1.png\",\"width\":3174,\"height\":2093,\"caption\":\"C\u00e1mara en mano\"},\"image\":{\"@id\":\"https:\\\/\\\/camaraenmano.org\\\/#\\\/schema\\\/logo\\\/image\\\/\"},\"sameAs\":[\"https:\\\/\\\/www.facebook.com\\\/AFCamaraenmano\\\/\",\"https:\\\/\\\/www.instagram.com\\\/afcamaraenmano\\\/\"]}]}<\/script>\n<!-- \/ Yoast SEO plugin. -->","yoast_head_json":{"title":"Bienvenid@ a C\u00e1mara en mano - Asociaci\u00f3n fotogr\u00e1fica C\u00e1mara en mano Las Rozas","robots":{"index":"index","follow":"follow","max-snippet":"max-snippet:-1","max-image-preview":"max-image-preview:large","max-video-preview":"max-video-preview:-1"},"canonical":"https:\/\/camaraenmano.org\/index.php\/bienvenida\/","og_locale":"es_ES","og_type":"article","og_title":"Bienvenid@ a C\u00e1mara en mano - Asociaci\u00f3n fotogr\u00e1fica C\u00e1mara en mano Las Rozas","og_description":"Muchas gracias por asociarte. Hemos recibido correctamente tus datos y te hemos enviado un correo electr\u00f3nico con la confirmaci\u00f3n y el detalle de la informaci\u00f3n facilitada. El siguiente y \u00faltimo paso es abonar la cuota anual de la asociaci\u00f3n. Como sabes, el importe es de 50 \u20ac al a\u00f1o (o 25 \u20ac el primer a\u00f1o [&hellip;]","og_url":"https:\/\/camaraenmano.org\/index.php\/bienvenida\/","og_site_name":"Asociaci\u00f3n fotogr\u00e1fica C\u00e1mara en mano Las Rozas","article_publisher":"https:\/\/www.facebook.com\/AFCamaraenmano\/","article_modified_time":"2026-02-13T18:04:18+00:00","twitter_card":"summary_large_image","twitter_misc":{"Tiempo de lectura":"1 minuto"},"schema":{"@context":"https:\/\/schema.org","@graph":[{"@type":"WebPage","@id":"https:\/\/camaraenmano.org\/index.php\/bienvenida\/","url":"https:\/\/camaraenmano.org\/index.php\/bienvenida\/","name":"Bienvenid@ a C\u00e1mara en mano - Asociaci\u00f3n fotogr\u00e1fica C\u00e1mara en mano Las Rozas","isPartOf":{"@id":"https:\/\/camaraenmano.org\/#website"},"datePublished":"2021-12-30T17:29:40+00:00","dateModified":"2026-02-13T18:04:18+00:00","breadcrumb":{"@id":"https:\/\/camaraenmano.org\/index.php\/bienvenida\/#breadcrumb"},"inLanguage":"es","potentialAction":[{"@type":"ReadAction","target":["https:\/\/camaraenmano.org\/index.php\/bienvenida\/"]}]},{"@type":"BreadcrumbList","@id":"https:\/\/camaraenmano.org\/index.php\/bienvenida\/#breadcrumb","itemListElement":[{"@type":"ListItem","position":1,"name":"Portada","item":"https:\/\/camaraenmano.org\/"},{"@type":"ListItem","position":2,"name":"Bienvenid@ a C\u00e1mara en mano"}]},{"@type":"WebSite","@id":"https:\/\/camaraenmano.org\/#website","url":"https:\/\/camaraenmano.org\/","name":"Asociaci\u00f3n fotogr\u00e1fica C\u00e1mara en mano Las Rozas","description":"","publisher":{"@id":"https:\/\/camaraenmano.org\/#organization"},"potentialAction":[{"@type":"SearchAction","target":{"@type":"EntryPoint","urlTemplate":"https:\/\/camaraenmano.org\/?s={search_term_string}"},"query-input":{"@type":"PropertyValueSpecification","valueRequired":true,"valueName":"search_term_string"}}],"inLanguage":"es"},{"@type":"Organization","@id":"https:\/\/camaraenmano.org\/#organization","name":"C\u00e1mara en mano","url":"https:\/\/camaraenmano.org\/","logo":{"@type":"ImageObject","inLanguage":"es","@id":"https:\/\/camaraenmano.org\/#\/schema\/logo\/image\/","url":"https:\/\/camaraenmano.org\/wp-content\/uploads\/2023\/10\/cropped-Logo-Camara-en-Mano-2-1.png","contentUrl":"https:\/\/camaraenmano.org\/wp-content\/uploads\/2023\/10\/cropped-Logo-Camara-en-Mano-2-1.png","width":3174,"height":2093,"caption":"C\u00e1mara en mano"},"image":{"@id":"https:\/\/camaraenmano.org\/#\/schema\/logo\/image\/"},"sameAs":["https:\/\/www.facebook.com\/AFCamaraenmano\/","https:\/\/www.instagram.com\/afcamaraenmano\/"]}]}},"_links":{"self":[{"href":"https:\/\/camaraenmano.org\/index.php\/wp-json\/wp\/v2\/pages\/553","targetHints":{"allow":["GET"]}}],"collection":[{"href":"https:\/\/camaraenmano.org\/index.php\/wp-json\/wp\/v2\/pages"}],"about":[{"href":"https:\/\/camaraenmano.org\/index.php\/wp-json\/wp\/v2\/types\/page"}],"author":[{"embeddable":true,"href":"https:\/\/camaraenmano.org\/index.php\/wp-json\/wp\/v2\/users\/1"}],"replies":[{"embeddable":true,"href":"https:\/\/camaraenmano.org\/index.php\/wp-json\/wp\/v2\/comments?post=553"}],"version-history":[{"count":27,"href":"https:\/\/camaraenmano.org\/index.php\/wp-json\/wp\/v2\/pages\/553\/revisions"}],"predecessor-version":[{"id":6452,"href":"https:\/\/camaraenmano.org\/index.php\/wp-json\/wp\/v2\/pages\/553\/revisions\/6452"}],"wp:attachment":[{"href":"https:\/\/camaraenmano.org\/index.php\/wp-json\/wp\/v2\/media?parent=553"}],"curies":[{"name":"wp","href":"https:\/\/api.w.org\/{rel}","templated":true}]}}